{"id":2959,"date":"2020-07-13T10:51:50","date_gmt":"2020-07-13T08:51:50","guid":{"rendered":"http:\/\/www.hoteleden.info\/misure-anti-covid-19\/"},"modified":"2021-03-13T10:22:35","modified_gmt":"2021-03-13T09:22:35","slug":"anti-covid-19-massnahmen","status":"publish","type":"page","link":"https:\/\/www.hoteleden.info\/de\/anti-covid-19-massnahmen\/","title":{"rendered":"ANTI-COVID 19 Ma\u00dfnahmen"},"content":{"rendered":"<section class=\"l-section wpb_row height_small\"><div class=\"l-section-h i-cf\"><div class=\"g-cols vc_row via_flex valign_middle type_default stacking_default\"><div class=\"vc_col-sm-2 wpb_column vc_column_container\"><div class=\"vc_column-inner\"><div class=\"wpb_wrapper\"><\/div><\/div><\/div><div class=\"vc_col-sm-8 wpb_column vc_column_container\"><div class=\"vc_column-inner\"><div class=\"wpb_wrapper\"><div class=\"w-image i200 align_center\"><div class=\"w-image-h\"><img decoding=\"async\" width=\"1181\" height=\"1181\" src=\"https:\/\/www.hoteleden.info\/wp-content\/uploads\/2020\/07\/Logo_azzurro.png\" class=\"attachment-full size-full\" alt=\"\" loading=\"lazy\" srcset=\"https:\/\/www.hoteleden.info\/wp-content\/uploads\/2020\/07\/Logo_azzurro.png 1181w, https:\/\/www.hoteleden.info\/wp-content\/uploads\/2020\/07\/Logo_azzurro-300x300.png 300w, https:\/\/www.hoteleden.info\/wp-content\/uploads\/2020\/07\/Logo_azzurro-1024x1024.png 1024w, https:\/\/www.hoteleden.info\/wp-content\/uploads\/2020\/07\/Logo_azzurro-150x150.png 150w, https:\/\/www.hoteleden.info\/wp-content\/uploads\/2020\/07\/Logo_azzurro-350x350.png 350w, https:\/\/www.hoteleden.info\/wp-content\/uploads\/2020\/07\/Logo_azzurro-600x600.png 600w\" sizes=\"auto, (max-width: 1181px) 100vw, 1181px\" \/><\/div><\/div><div class=\"wpb_text_column\"><div class=\"wpb_wrapper\"><h1 style=\"text-align: center;\">ANTI-COVID 19 Ma\u00dfnahmen<\/h1>\n<\/div><\/div><\/div><\/div><\/div><div class=\"vc_col-sm-2 wpb_column vc_column_container\"><div class=\"vc_column-inner\"><div class=\"wpb_wrapper\"><\/div><\/div><\/div><\/div><\/div><\/section><section class=\"l-section wpb_row height_medium\"><div class=\"l-section-h i-cf\"><div class=\"g-cols vc_row via_flex valign_top type_default stacking_default\"><div class=\"vc_col-sm-2 wpb_column vc_column_container\"><div class=\"vc_column-inner\"><div class=\"wpb_wrapper\"><\/div><\/div><\/div><div class=\"vc_col-sm-8 wpb_column vc_column_container\"><div class=\"vc_column-inner\"><div class=\"wpb_wrapper\"><div class=\"wpb_text_column giustifica\"><div class=\"wpb_wrapper\"><p>Unser t\u00e4gliches Leben hat sich ver\u00e4ndert, aber unser Wunsch zu reisen und eine Pause zu machen ist immer der gleiche. Hier im Hotel Eden haben wir eine Reihe spezifischer Ma\u00dfnahmen \u00fcbernommen, um Ihnen einen sicheren Urlaub zu bieten. Damit Sie sich bei Ihrem n\u00e4chsten Aufenthalt noch wohler f\u00fchlen, haben wir den f\u00fcr Sie notwendigen Raum geschaffen: f\u00fcr einen ruhigen und unbeschwerten Urlaub auf die sicherste Art und Weise.\u2028Wir haben lange darauf gewartet, diesen Moment mit Ihnen zu teilen: Ab dem 2. Juli 2020 \u00f6ffnet unser Hotel seine T\u00fcren und wir freuen uns, Sie begr\u00fc\u00dfen zu d\u00fcrfen!<\/p>\n<\/div><\/div><\/div><\/div><\/div><div class=\"vc_col-sm-2 wpb_column vc_column_container\"><div class=\"vc_column-inner\"><div class=\"wpb_wrapper\"><\/div><\/div><\/div><\/div><\/div><\/section><section class=\"l-section wpb_row height_medium\"><div class=\"l-section-h i-cf\"><div class=\"g-cols vc_row via_flex valign_top type_default stacking_default\"><div class=\"vc_col-sm-2 wpb_column vc_column_container\"><div class=\"vc_column-inner\"><div class=\"wpb_wrapper\"><\/div><\/div><\/div><div class=\"vc_col-sm-8 wpb_column vc_column_container\"><div class=\"vc_column-inner\"><div class=\"wpb_wrapper\"><div class=\"wpb_text_column giustifica\"><div class=\"wpb_wrapper\"><h2 style=\"text-align: center;\">Unsere Ma\u00dfnahmen<\/h2>\n<p><strong>made for peace of mind<\/strong><\/p>\n<ul>\n<li>Kostenlose Stornierung im Falle einer Sperrung von Covid-19 in unserer oder Ihrer Region in dem gebuchten Zeitraum wird der Betrag zur\u00fcckerstattet<\/li>\n<li>SORGENFREIE REISE Neuer Tarifplan \u201cHakuna Matata\u201d mit kostenlose Stornierung aus irgendeinem Grund bis 7 Tage vor dem Anreisetag<\/li>\n<\/ul>\n<p><strong>made for You<\/strong><\/p>\n<ul>\n<li>Digitaler Vor-Check-In: Der Check-In kann im Voraus bequem von zu Hause aus erfolgen.<\/li>\n<li>Check-Out: Um die Zeit an der Rezeption zu verk\u00fcrzen, senden wir Ihnen auf Anfrage die Kostenaufstellung im Voraus per E-Mail oder WhatsApp.<\/li>\n<li>Vorhandensein von Desinfektionsger\u00e4ten der H\u00e4nde von G\u00e4sten und Mitarbeitern.<\/li>\n<li>Maximale Reinigung und Hygiene garantiert! \u00a0Wir haben uns entschlossen, die besten Pr\u00e4ventionsprotokolle zu befolgen, um Ihnen einen absolut sicheren Urlaub durch die Bestimmungen Secure Clean Hotel. Alle Oberfl\u00e4chen und Kontaktstellen werden mehrmals t\u00e4glich gereinigt und desinfiziert! Wir sorgen auch f\u00fcr ausreichende Bel\u00fcftung und Luftaustausch. Nat\u00fcrlich sind alle unsere Zimmer nach jeder Abreise komplett saniert!<\/li>\n<\/ul>\n<p><strong>made for Restaurant<\/strong><\/p>\n<ul>\n<li>Unser Restaurant bietet Ihnen viel Platz und garantiert den notwendigen Abstand f\u00fcr Pr\u00e4vention und Privatsph\u00e4re. Wir werden Sie exklusiv verw\u00f6hnen und Gerichten werden mit Schutzmasken serviert.<\/li>\n<li>Es ist wichtig, den Tag mit einem guten Fr\u00fchst\u00fcck zu beginnen. Wenn das Erwachen in unserem Hotel sein wird, haben Sie die M\u00f6glichkeit, ein \u00c0-la-carte-Fr\u00fchst\u00fcck zuzubereiten und das Erwachen wird noch besser sein.<\/li>\n<li>In der K\u00fcche werden die verschiedenen Mahlzeiten wie immer mit solcher Sorgfalt zubereitet; Die Oberfl\u00e4chen werden regelm\u00e4\u00dfig gereinigt und desinfiziert und das Personal arbeitet mit Schutzmasken und Handschuhen.<\/li>\n<\/ul>\n<p><strong>made for Relax<\/strong><\/p>\n<ul>\n<li>Unser Strand, unser Schwimmbad und unsere Ruhebereiche bieten Platz f\u00fcr jedermann gem\u00e4\u00df den Hygienema\u00dfnahmen.<\/li>\n<li>Genie\u00dfen Sie nach wie vor Wasserspa\u00df &#8211; die Desinfektionsmaschinen auf Salzbasis in unserem Schwimmbad sorgt f\u00fcr die antibakterielle und antivirale Wirkung.<\/li>\n<li>Im neuen au\u00dfen Fitnessbereich stehen zu Ihrer Verf\u00fcgung Desinfektionsmittel, mit denen Sie Werkzeuge vor und nach dem Gebrauch desinfizieren k\u00f6nnen.<\/li>\n<li>Um maximalen Schutz bei Behandlungen und Massagen zu gew\u00e4hrleisten (beim Belfiore Park Hotel), tragen unsere Mitarbeiterin und die G\u00e4ste die Schutzmaske. Die Masseurin-Kosmetikerin arbeitet ausschlie\u00dflich mit Handschuhen. Nach jeder Behandlung werden alle gebrauchten Zubeh\u00f6rteile und der gebrauchte Raum desinfiziert.<\/li>\n<li>Aufgrund der aktuellen Hygiene- und Sanit\u00e4rsicherheitsprotokolle kann das Spa beim Belfiore Park Hotel nicht genutzt werden (nur f\u00fcr Paare oder Familien). Im Falle von Gesetzes\u00e4nderungen wird das Spa so schnell wie m\u00f6glich auf die bereits bekannte Weise wiederer\u00f6ffnet.<\/li>\n<\/ul>\n<p><strong>Made for discovery<\/strong><\/p>\n<ul>\n<li>Fahrr\u00e4der, E-Bikes, Kajaks, Sup und alle unsere Ger\u00e4te stehen zu Ihrer Verf\u00fcgung und werden nach jedem Gebrauch desinfiziert.<\/li>\n<li>\u00d6ffentliche Verkehrsmittel mit Bus, Z\u00fcge und F\u00e4hre sind vollst\u00e4ndig garantiert.<\/li>\n<li>Museen und Sehensw\u00fcrdigkeiten sind ab dem 25. Mai ge\u00f6ffnet.<\/li>\n<\/ul>\n<\/div><\/div><\/div><\/div><\/div><div class=\"vc_col-sm-2 wpb_column vc_column_container\"><div class=\"vc_column-inner\"><div class=\"wpb_wrapper\"><\/div><\/div><\/div><\/div><\/div><\/section><section class=\"l-section wpb_row height_medium\"><div class=\"l-section-h i-cf\"><div class=\"g-cols vc_row via_flex valign_top type_default stacking_default\"><div class=\"vc_col-sm-2 wpb_column vc_column_container\"><div class=\"vc_column-inner\"><div class=\"wpb_wrapper\"><\/div><\/div><\/div><div class=\"vc_col-sm-8 wpb_column vc_column_container\"><div class=\"vc_column-inner\"><div class=\"wpb_wrapper\"><div class=\"wpb_text_column giustifica\"><div class=\"wpb_wrapper\"><p>Einige Sachen haben sich ge\u00e4ndert, aber wir sind immer die Gleiche. Ihre Zufriedenheit und hohe Servicequalit\u00e4t sind weiterhin unsere gr\u00f6\u00dfte Bestrebung. Unser Personal steht jederzeit zu Ihrer Verf\u00fcgung und kann Sie in jeder Situation bestm\u00f6glich beraten.<br \/>\n<strong>Sie k\u00f6nnen auf uns z\u00e4hlen!<\/strong><\/p>\n<\/div><\/div><\/div><\/div><\/div><div class=\"vc_col-sm-2 wpb_column vc_column_container\"><div class=\"vc_column-inner\"><div class=\"wpb_wrapper\"><\/div><\/div><\/div><\/div><\/div><\/section>\n","protected":false},"excerpt":{"rendered":"ANTI-COVID 19 Ma\u00dfnahmen Unser t\u00e4gliches Leben hat sich ver\u00e4ndert, aber unser Wunsch zu reisen und eine Pause zu machen ist immer der gleiche. Hier im Hotel Eden haben wir eine Reihe spezifischer Ma\u00dfnahmen \u00fcbernommen, um Ihnen einen sicheren Urlaub zu bieten. Damit Sie sich bei Ihrem n\u00e4chsten Aufenthalt noch wohler f\u00fchlen, haben wir den f\u00fcr...","protected":false},"author":1,"featured_media":0,"parent":0,"menu_order":0,"comment_status":"closed","ping_status":"closed","template":"","meta":{"inline_featured_image":false,"footnotes":""},"class_list":["post-2959","page","type-page","status-publish","hentry"],"yoast_head":"<!-- This site is optimized with the Yoast SEO plugin v27.5 - https:\/\/yoast.com\/product\/yoast-seo-wordpress\/ -->\n<title>ANTI-COVID 19 Ma\u00dfnahmen - Hotel Eden Lago di Garda - Gardasee - Lake Garda<\/title>\n<meta name=\"robots\" content=\"index, follow, max-snippet:-1, max-image-preview:large, max-video-preview:-1\" \/>\n<link rel=\"canonical\" href=\"https:\/\/www.hoteleden.info\/de\/anti-covid-19-massnahmen\/\" \/>\n<meta property=\"og:locale\" content=\"de_DE\" \/>\n<meta property=\"og:type\" content=\"article\" \/>\n<meta property=\"og:title\" content=\"ANTI-COVID 19 Ma\u00dfnahmen - Hotel Eden Lago di Garda - Gardasee - Lake Garda\" \/>\n<meta property=\"og:url\" content=\"https:\/\/www.hoteleden.info\/de\/anti-covid-19-massnahmen\/\" \/>\n<meta property=\"og:site_name\" content=\"Hotel Eden Lago di Garda - Gardasee - Lake Garda\" \/>\n<meta property=\"article:modified_time\" content=\"2021-03-13T09:22:35+00:00\" \/>\n<meta name=\"twitter:card\" content=\"summary_large_image\" \/>\n<meta name=\"twitter:label1\" content=\"Gesch\u00e4tzte Lesezeit\" \/>\n\t<meta name=\"twitter:data1\" content=\"3\u00a0Minuten\" \/>\n<script type=\"application\/ld+json\" class=\"yoast-schema-graph\">{\"@context\":\"https:\\\/\\\/schema.org\",\"@graph\":[{\"@type\":\"WebPage\",\"@id\":\"https:\\\/\\\/www.hoteleden.info\\\/de\\\/anti-covid-19-massnahmen\\\/\",\"url\":\"https:\\\/\\\/www.hoteleden.info\\\/de\\\/anti-covid-19-massnahmen\\\/\",\"name\":\"ANTI-COVID 19 Ma\u00dfnahmen - Hotel Eden Lago di Garda - Gardasee - Lake Garda\",\"isPartOf\":{\"@id\":\"https:\\\/\\\/www.hoteleden.info\\\/#website\"},\"datePublished\":\"2020-07-13T08:51:50+00:00\",\"dateModified\":\"2021-03-13T09:22:35+00:00\",\"breadcrumb\":{\"@id\":\"https:\\\/\\\/www.hoteleden.info\\\/de\\\/anti-covid-19-massnahmen\\\/#breadcrumb\"},\"inLanguage\":\"de\",\"potentialAction\":[{\"@type\":\"ReadAction\",\"target\":[\"https:\\\/\\\/www.hoteleden.info\\\/de\\\/anti-covid-19-massnahmen\\\/\"]}]},{\"@type\":\"BreadcrumbList\",\"@id\":\"https:\\\/\\\/www.hoteleden.info\\\/de\\\/anti-covid-19-massnahmen\\\/#breadcrumb\",\"itemListElement\":[{\"@type\":\"ListItem\",\"position\":1,\"name\":\"Home\",\"item\":\"https:\\\/\\\/www.hoteleden.info\\\/de\\\/\"},{\"@type\":\"ListItem\",\"position\":2,\"name\":\"ANTI-COVID 19 Ma\u00dfnahmen\"}]},{\"@type\":\"WebSite\",\"@id\":\"https:\\\/\\\/www.hoteleden.info\\\/#website\",\"url\":\"https:\\\/\\\/www.hoteleden.info\\\/\",\"name\":\"Hotel Eden Lago di Garda - Gardasee - Lake Garda\",\"description\":\"Hotel Eden Lago di Garda - Gardasee - Lake Garda\",\"potentialAction\":[{\"@type\":\"SearchAction\",\"target\":{\"@type\":\"EntryPoint\",\"urlTemplate\":\"https:\\\/\\\/www.hoteleden.info\\\/?s={search_term_string}\"},\"query-input\":{\"@type\":\"PropertyValueSpecification\",\"valueRequired\":true,\"valueName\":\"search_term_string\"}}],\"inLanguage\":\"de\"}]}<\/script>\n<!-- \/ Yoast SEO plugin. -->","yoast_head_json":{"title":"ANTI-COVID 19 Ma\u00dfnahmen - Hotel Eden Lago di Garda - Gardasee - Lake Garda","robots":{"index":"index","follow":"follow","max-snippet":"max-snippet:-1","max-image-preview":"max-image-preview:large","max-video-preview":"max-video-preview:-1"},"canonical":"https:\/\/www.hoteleden.info\/de\/anti-covid-19-massnahmen\/","og_locale":"de_DE","og_type":"article","og_title":"ANTI-COVID 19 Ma\u00dfnahmen - Hotel Eden Lago di Garda - Gardasee - Lake Garda","og_url":"https:\/\/www.hoteleden.info\/de\/anti-covid-19-massnahmen\/","og_site_name":"Hotel Eden Lago di Garda - Gardasee - Lake Garda","article_modified_time":"2021-03-13T09:22:35+00:00","twitter_card":"summary_large_image","twitter_misc":{"Gesch\u00e4tzte Lesezeit":"3\u00a0Minuten"},"schema":{"@context":"https:\/\/schema.org","@graph":[{"@type":"WebPage","@id":"https:\/\/www.hoteleden.info\/de\/anti-covid-19-massnahmen\/","url":"https:\/\/www.hoteleden.info\/de\/anti-covid-19-massnahmen\/","name":"ANTI-COVID 19 Ma\u00dfnahmen - Hotel Eden Lago di Garda - Gardasee - Lake Garda","isPartOf":{"@id":"https:\/\/www.hoteleden.info\/#website"},"datePublished":"2020-07-13T08:51:50+00:00","dateModified":"2021-03-13T09:22:35+00:00","breadcrumb":{"@id":"https:\/\/www.hoteleden.info\/de\/anti-covid-19-massnahmen\/#breadcrumb"},"inLanguage":"de","potentialAction":[{"@type":"ReadAction","target":["https:\/\/www.hoteleden.info\/de\/anti-covid-19-massnahmen\/"]}]},{"@type":"BreadcrumbList","@id":"https:\/\/www.hoteleden.info\/de\/anti-covid-19-massnahmen\/#breadcrumb","itemListElement":[{"@type":"ListItem","position":1,"name":"Home","item":"https:\/\/www.hoteleden.info\/de\/"},{"@type":"ListItem","position":2,"name":"ANTI-COVID 19 Ma\u00dfnahmen"}]},{"@type":"WebSite","@id":"https:\/\/www.hoteleden.info\/#website","url":"https:\/\/www.hoteleden.info\/","name":"Hotel Eden Lago di Garda - Gardasee - Lake Garda","description":"Hotel Eden Lago di Garda - Gardasee - Lake Garda","potentialAction":[{"@type":"SearchAction","target":{"@type":"EntryPoint","urlTemplate":"https:\/\/www.hoteleden.info\/?s={search_term_string}"},"query-input":{"@type":"PropertyValueSpecification","valueRequired":true,"valueName":"search_term_string"}}],"inLanguage":"de"}]}},"_links":{"self":[{"href":"https:\/\/www.hoteleden.info\/de\/wp-json\/wp\/v2\/pages\/2959","targetHints":{"allow":["GET"]}}],"collection":[{"href":"https:\/\/www.hoteleden.info\/de\/wp-json\/wp\/v2\/pages"}],"about":[{"href":"https:\/\/www.hoteleden.info\/de\/wp-json\/wp\/v2\/types\/page"}],"author":[{"embeddable":true,"href":"https:\/\/www.hoteleden.info\/de\/wp-json\/wp\/v2\/users\/1"}],"replies":[{"embeddable":true,"href":"https:\/\/www.hoteleden.info\/de\/wp-json\/wp\/v2\/comments?post=2959"}],"version-history":[{"count":3,"href":"https:\/\/www.hoteleden.info\/de\/wp-json\/wp\/v2\/pages\/2959\/revisions"}],"predecessor-version":[{"id":3035,"href":"https:\/\/www.hoteleden.info\/de\/wp-json\/wp\/v2\/pages\/2959\/revisions\/3035"}],"wp:attachment":[{"href":"https:\/\/www.hoteleden.info\/de\/wp-json\/wp\/v2\/media?parent=2959"}],"curies":[{"name":"wp","href":"https:\/\/api.w.org\/{rel}","templated":true}]}}